{"id":3726,"date":"2023-06-12T08:30:15","date_gmt":"2023-06-12T06:30:15","guid":{"rendered":"https:\/\/costadamorte.info\/?page_id=3726"},"modified":"2024-11-19T13:17:11","modified_gmt":"2024-11-19T12:17:11","slug":"politica-de-privacidade","status":"publish","type":"page","link":"https:\/\/guia.visitacostadamorte.com\/gl\/politica-de-privacidade\/","title":{"rendered":"Pol\u00edtica de privacidade"},"content":{"rendered":"\n<p>Con finalidade de dar cumprimento ao artigo 10 da Lei 34\/2002 de Servizos da Sociedade da Informaci\u00f3n e Comercio Electr\u00f3nico, informamos ao usuario dos nosos datos:<\/p>\n\n\n\n<ul class=\"wp-block-list\">\n<li>Titular: Costa da Morte Asociaci\u00f3n Tur\u00edstica<\/li>\n\n\n\n<li>NIF\/CIF: G15870025<\/li>\n\n\n\n<li>Domicilio: PQ LIRES 82 15270 CEE (A Coru\u00f1a, Galicia) Espa\u00f1a<\/li>\n\n\n\n<li>Correo electr\u00f3nico: <a>info@visitacostadamorte.com<\/a><\/li>\n<\/ul>\n\n\n\n<h2 class=\"wp-block-heading\">Obxecto<\/h2>\n\n\n\n<p>O prestador, responsable do sitio web, pon \u00e1 disposici\u00f3n dos usuarios o presente documento co que pretende dar cumprimento \u00e1s obrigas dispostas na Lei 34\/2002, de Servizos da Sociedade da Informaci\u00f3n e do Comercio Electr\u00f3nico (LSSI-CE), as\u00ed como informar a todos os usuarios do sitio web respecto a cales son as condici\u00f3ns de uso do sitio web.<\/p>\n\n\n\n<p>Toda persoa que acceda a este sitio web asume o papel de usuario, compromet\u00e9ndose \u00e1 observancia e cumprimento rigoroso das disposici\u00f3ns aqu\u00ed dispostas, as\u00ed como a calquera outra disposici\u00f3n legal que fose de aplicaci\u00f3n.<\/p>\n\n\n\n<p>O prestador res\u00e9rvase o dereito a modificar calquera tipo de informaci\u00f3n que puidera aparecer no sitio web, sen que exista obrigaci\u00f3n de preavisar ou po\u00f1er en co\u00f1ecemento dos usuarios ditas modificaci\u00f3ns, entend\u00e9ndose como suficiente coa publicaci\u00f3n no sitio web do prestador.<\/p>\n\n\n\n<h2 class=\"wp-block-heading\">Responsabilidade<\/h2>\n\n\n\n<p>O prestador ex\u00edmese de calquera tipo de responsabilidade derivada da informaci\u00f3n publicada no seu sitio web, sempre que esta informaci\u00f3n fose manipulada ou introducida por un terceiro alleo ao mesmo.<\/p>\n\n\n\n<p>O sitio web do prestador pode utilizar cookies (pequenos arquivos de informaci\u00f3n que o servidor env\u00eda ao ordenador de quen accede \u00e1 p\u00e1xina) para realizar determinadas funci\u00f3ns que se consideran imprescindibles para o correcto funcionamento e visualizaci\u00f3n do sitio. As cookies utilizadas no sitio web te\u00f1en, en todo caso, car\u00e1cter temporal coa \u00fanica finalidade de facer m\u00e1is eficaz a s\u00faa transmisi\u00f3n ulterior e desaparecen ao rematar a sesi\u00f3n do usuario. En ning\u00fan caso utilizaranse as cookies para recoller informaci\u00f3n de car\u00e1cter persoal. Pol\u00edtica de cookies.<\/p>\n\n\n\n<p>Desde o sitio web do cliente \u00e9 posible que se redirixa a contidos de terceiros sitios web. Dado que o prestador non pode controlar sempre os contidos introducidos polos terceiros nos seus sitios web, non asume ning\u00fan tipo de responsabilidade respecto a ditos contidos. En todo caso, o prestador manifesta que proceder\u00e1 \u00e1 retirada inmediata de calquera contido que puidera contravir a lexislaci\u00f3n nacional ou internacional, a moral ou o orde p\u00fablico, procedendo \u00e1 retirada inmediata da redirecci\u00f3n a dito sitio web, po\u00f1endo en co\u00f1ecemento das autoridades competentes o contido en cuesti\u00f3n.<\/p>\n\n\n\n<p>O prestador non se fai responsable da informaci\u00f3n e contidos almacenados, a t\u00edtulo enunciativo pero non limitativo, en foros, chats, xeradores de blogs, comentarios, redes sociais ou calquera outro medio que permita a terceiros publicar contidos de forma independente na p\u00e1xina web do prestador. Non obstante, e en cumprimento do disposto nos arts. 11 e 16 da LSSI-CE, o prestador ponse \u00e1 disposici\u00f3n de todos os usuarios, autoridades e forzas de seguridade, colaborando de forma activa na retirada ou no seu caso bloqueo de todos aqueles contidos que puideran afectar ou contravir a lexislaci\u00f3n nacional ou internacional, dereitos de terceiros ou a moral e o orde p\u00fablico. No caso de que o usuario considere que existe no sitio web alg\u00fan contido que puidera ser susceptible desta clasificaci\u00f3n, r\u00e9goase que o notifique de forma inmediata ao administrador do sitio web.<\/p>\n\n\n\n<p>Este sitio web foi revisado e probado para que funcione correctamente. En principio, pode garantirase o correcto funcionamento os 365 d\u00edas do ano, 24 horas ao d\u00eda. Non obstante, o prestador non descarta a posibilidade de que existan certos erros de programaci\u00f3n, ou que acontezan causas de forza maior, cat\u00e1strofes naturais, folgas ou circunstancias semellantes que fagan imposible o acceso \u00e1 p\u00e1xina web.<\/p>\n\n\n\n<h2 class=\"wp-block-heading\">Propiedade Intelectual e Industrial<\/h2>\n\n\n\n<p>O sitio web, inclu\u00edndo a t\u00edtulo enunciativo pero non limitativo a s\u00faa programaci\u00f3n, edici\u00f3n, compilaci\u00f3n e demais elementos necesarios para o seu funcionamento, os dese\u00f1os, logotipos, texto e\/ou gr\u00e1ficos son propiedade do prestador ou no seu caso disp\u00f3n de licenza ou autorizaci\u00f3n expresa por parte dos autores. Todos os contidos do sitio web at\u00f3panse debidamente protexidos pola normativa de propiedade intelectual e industrial, as\u00ed como inscritos nos rexistros p\u00fablicos correspondentes.<br>Independientemente da finalidade para a que fosen destinados, a reproduci\u00f3n total ou parcial, uso, explotaci\u00f3n, distribuci\u00f3n e comercializaci\u00f3n, require en todo caso da autorizaci\u00f3n escrita previa por parte do prestador. Calquera uso non autorizado previamente polo prestador ser\u00e1 considerado un incumprimento grave dos dereitos de propiedade intelectual ou industrial do autor.<\/p>\n\n\n\n<p>Os dese\u00f1os, logotipos, texto e\/ou gr\u00e1ficos alleos ao prestador e que puideran aparecer no sitio web pertencen aos seus respectivos propietarios, sendo eles mesmos responsables de calquera posible controversia que puidera xurdir respecto aos mesmos. En todo caso, o prestador conta coa autorizaci\u00f3n expresa e previa por parte deles.<\/p>\n\n\n\n<p>O prestador NON AUTORIZA expresamente a que terceiros poidan redirixir directamente aos contidos concretos do sitio web, debendo en todo caso redirixir ao sitio web principal do prestador.<\/p>\n\n\n\n<p>O prestador reco\u00f1ece a favor dos seus titulares os correspondentes dereitos de propiedade industrial e intelectual, non implicando a s\u00faa s\u00f3 menci\u00f3n ou aparici\u00f3n no sitio web a existencia de dereitos ou responsabilidade algunha do prestador sobre os mesmos, como tampouco respaldo, patrocinio ou recomendaci\u00f3n por parte del.<\/p>\n\n\n\n<p>Para realizar calquera tipo de observaci\u00f3n respecto a posibles incumprimentos dos dereitos de propiedade intelectual ou industrial, as\u00ed como sobre calquera dos contidos do sitio web, pode facelo a trav\u00e9s do correo electr\u00f3nico que figura nos datos identificativos ao principio deste documento.<\/p>\n\n\n\n<h2 class=\"wp-block-heading\">Veracidade da Informaci\u00f3n<\/h2>\n\n\n\n<p>Toda a informaci\u00f3n que facilita o Usuario ten que ser veraz. A estes efectos, o Usuario garante a autenticidade dos datos comunicados a trav\u00e9s dos formularios para a subscrici\u00f3n dos Servizos. Ser\u00e1 responsabilidade do Usuario manter toda a informaci\u00f3n facilitada \u00e1 Empresa permanentemente actualizada de forma que responda, en cada momento, \u00e1 s\u00faa situaci\u00f3n real. En todo caso, o Usuario ser\u00e1 o \u00fanico responsable das manifestaci\u00f3ns falsas ou inexactas que realice e dos prexu\u00edzos que cause ao prestador ou a terceiros.<\/p>\n\n\n\n<h2 class=\"wp-block-heading\">Menores de Idade<\/h2>\n\n\n\n<p>Para o uso dos servizos, os menores de idade deben obter sempre previamente o consentimento dos pais, titores ou representantes legais, responsables \u00faltimos de todos os actos realizados polos menores ao seu cargo. A responsabilidade na determinaci\u00f3n de contidos concretos aos que acceden os menores corresponde a aqueles, \u00e9 por iso que se acceden a contidos non apropiados por Internet, deber\u00e1n establecerse nos seus ordenadores mecanismos, en particular programas inform\u00e1ticos, filtros e bloqueos, que permitan limitar os contidos dispo\u00f1ibles e, a pesar de que non sexan infalibles, son de especial utilidade para controlar e restrinxir os materiais aos que poden acceder os menores.<\/p>\n\n\n\n<h2 class=\"wp-block-heading\">Obrigaci\u00f3n de facer un uso correcto da Web<\/h2>\n\n\n\n<p>O Usuario comprom\u00e9tese a utilizar a Web de conformidade coa Lei e co presente Aviso Legal, as\u00ed como coa moral e as boas costumbres. A tal efecto, o Usuario abstense de utilizar a p\u00e1xina con fins il\u00edcitos ou prohibidos, lesivos de dereitos e intereses de terceiros, ou que de calquera forma poidan danar, inutilizar, sobrecargar, deteriorar ou impedir a normal utilizaci\u00f3n de equipos inform\u00e1ticos ou documentos, arquivos e toda clase de contidos almacenados en calquera equipo inform\u00e1tico do prestador.<\/p>\n\n\n\n<p>En particular, e a t\u00edtulo indicativo pero non exhaustivo, o Usuario comprom\u00e9tese a non transmitir, difundir ou po\u00f1er \u00e1 disposici\u00f3n de terceiros informaci\u00f3ns, datos, contidos, mensaxes, gr\u00e1ficos, debuxos, arquivos de son ou imaxe, fotograf\u00edas, gravaci\u00f3ns, software e, en xeral, calquera clase de material que:<\/p>\n\n\n\n<p>(a) sexa contraria, desprecie ou atente contra os dereitos fundamentais e as liberdades p\u00fablicas reco\u00f1ecidas constitucionalmente, en tratados internacionais e outras normas vixentes;(b) induza, incite ou promova actuaci\u00f3ns delituosas, denigrantes, difamatorias, violentas ou, en xeral, contrarias \u00e1 lei, \u00e1 moral e ao orde p\u00fablico;<\/p>\n\n\n\n<p>(c) induza, incite ou promova actuaci\u00f3ns, actitudes ou pensamentos discriminatorios por raz\u00f3n de sexo, raza, relixi\u00f3n, crenzas, idade ou condici\u00f3n;<\/p>\n\n\n\n<p>(d) sexa contrario ao dereito ao honor, \u00e1 intimidade persoal ou familiar ou \u00e1 propia imaxe das persoas;<\/p>\n\n\n\n<p>(e) de calquera maneira prexudique a credibilidade do prestador ou de terceiros; e<\/p>\n\n\n\n<p>(f) constit\u00faa publicidade il\u00edcita, enganosa ou desleal.<\/p>\n\n\n\n<p>Lei Aplicable e Xurisdici\u00f3n<\/p>\n\n\n\n<p>Para a resoluci\u00f3n de todas as controversias ou cuesti\u00f3ns relacionadas co presente sitio web ou das actividades nel desenvolvidas, ser\u00e1 de aplicaci\u00f3n a lexislaci\u00f3n espa\u00f1ola, \u00e1 que se someten expresamente as partes, sendo competentes para a resoluci\u00f3n de todos os conflitos derivados ou relacionados co seu uso os Xulgados e Tribunais da comunidade aut\u00f3noma de Galicia.<\/p>\n","protected":false},"excerpt":{"rendered":"<p>Con finalidade de dar cumprimento ao artigo 10 da Lei 34\/2002 de Servizos da Sociedade da Informaci\u00f3n e Comercio Electr\u00f3nico, informamos ao usuario dos nosos datos: Obxecto O prestador, responsable do sitio web, pon \u00e1 disposici\u00f3n dos usuarios o presente documento co que pretende dar cumprimento \u00e1s obrigas dispostas na Lei 34\/2002, de Servizos da [&hellip;]<\/p>\n","protected":false},"author":1,"featured_media":0,"parent":0,"menu_order":0,"comment_status":"closed","ping_status":"closed","template":"","meta":{"_acf_changed":false,"slim_seo":{"title":"Pol\u00edtica de privacidade - Costa da Morte, conf\u00edn de Europa","description":"Con finalidade de dar cumprimento ao artigo 10 da Lei 34\/2002 de Servizos da Sociedade da Informaci\u00f3n e Comercio Electr\u00f3nico, informamos ao usuario dos nosos da"},"footnotes":""},"class_list":["post-3726","page","type-page","status-publish","hentry"],"acf":[],"_links":{"self":[{"href":"https:\/\/guia.visitacostadamorte.com\/gl\/wp-json\/wp\/v2\/pages\/3726","targetHints":{"allow":["GET"]}}],"collection":[{"href":"https:\/\/guia.visitacostadamorte.com\/gl\/wp-json\/wp\/v2\/pages"}],"about":[{"href":"https:\/\/guia.visitacostadamorte.com\/gl\/wp-json\/wp\/v2\/types\/page"}],"author":[{"embeddable":true,"href":"https:\/\/guia.visitacostadamorte.com\/gl\/wp-json\/wp\/v2\/users\/1"}],"replies":[{"embeddable":true,"href":"https:\/\/guia.visitacostadamorte.com\/gl\/wp-json\/wp\/v2\/comments?post=3726"}],"version-history":[{"count":1,"href":"https:\/\/guia.visitacostadamorte.com\/gl\/wp-json\/wp\/v2\/pages\/3726\/revisions"}],"predecessor-version":[{"id":3728,"href":"https:\/\/guia.visitacostadamorte.com\/gl\/wp-json\/wp\/v2\/pages\/3726\/revisions\/3728"}],"wp:attachment":[{"href":"https:\/\/guia.visitacostadamorte.com\/gl\/wp-json\/wp\/v2\/media?parent=3726"}],"curies":[{"name":"wp","href":"https:\/\/api.w.org\/{rel}","templated":true}]}}